{"id":232,"date":"2015-05-07T13:27:36","date_gmt":"2015-05-07T13:27:36","guid":{"rendered":"https:\/\/xml-io.proteusthemes.com\/cargopress\/?page_id=232"},"modified":"2021-02-26T12:04:07","modified_gmt":"2021-02-26T15:04:07","slug":"quem-somos","status":"publish","type":"page","link":"https:\/\/www.trltransportes.com.br\/index.php\/quem-somos\/","title":{"rendered":"Quem Somos"},"content":{"rendered":"<div id=\"pl-232\"  class=\"panel-layout\" ><div id=\"pg-232-0\"  class=\"panel-grid panel-no-style\" ><div id=\"pgc-232-0-0\"  class=\"panel-grid-cell\" ><div id=\"panel-232-0-0-0\" class=\"so-panel widget widget_black-studio-tinymce widget_black_studio_tinymce panel-first-child panel-last-child\" data-index=\"0\" ><div class=\"textwidget\"><h2>A Oportunidade Surge em meio a crise<\/h2>\n<p style=\"text-align: justify;\">Em meio a Crise mundial no final de 2008, aonde a maioria das pessoas principalmente influenciada pela m\u00eddia, o Sr Rubem e sua esposa Dona Nilda decidiram abrir uma transportadora no interior do Rio de Janeiro. Fundada em Janeiro de 2009 a Transportadora Rodovi\u00e1rio Lisboa Ltda (TRL Transportes), nasceu da experi\u00eancia de seus s\u00f3cios e seus colaboradores no ramo de Log\u00edstica principalmente na \u00e1rea da constru\u00e7\u00e3o civil, decidiram comprar seu primeiro caminh\u00e3o um Ford Cargo 2428 na cidade de Cachoeiro de Itaperimirim\/ES. N\u00e3o tendo nenhum cliente no inicio de suas opera\u00e7\u00f5es, o pr\u00f3prio fundador na F\u00e9 e na Coragem foi para estrada colocar literalmente a m\u00e3o na massa, adquirindo o respeito e a confian\u00e7a seus clientes.<\/p>\n<p style=\"text-align: justify;\">Vindo de uma fam\u00edlia de caminhoneiros, seu pai foi e \u00e9 o seu principal exemplo e incentivo desta profiss\u00e3o t\u00e3o nobre e honrada que \u00e9 levar o Brasil sobre rodas. Na retaguarda est\u00e1 sua esposa cuidando de toda parte administrativa e financeira da empresa. A TRL hoje j\u00e1 \u00e9 um sonho realizado, e a cada dia hoje vem se realizando mais no mercado log\u00edstico brasileiro, adquirindo clientes que confiam no seu trabalho e querem muito mais do que pre\u00e7o, querem qualidade e feedback. Com sua sede localizada na cidade de Itaocara\/RJ, noroeste Fluminense, com uma privilegiada posi\u00e7\u00e3o geogr\u00e1fica , principalmente para os estados do Sudeste e as principais cidades das regi\u00f5es norte, noroeste e serrana Fluminense e tamb\u00e9m zona da mata mineira. Atualmente contamos com caminh\u00f5es novos (pr\u00f3prios) e caminh\u00f5es agregados.<\/p>\n<p style=\"text-align:justify\">Dando um passo de cada vez, queremos um lugar ao sol, colocando o Senhor Jesus Cristo sempre em primeiro lugar, pois nada sem ELE podemos realizar, porque \"TUDO \u00c9 DO PAI\"!<\/p>\n<\/div><\/div><\/div><div id=\"pgc-232-0-1\"  class=\"panel-grid-cell\" ><div id=\"panel-232-0-1-0\" class=\"so-panel widget widget_black-studio-tinymce widget_black_studio_tinymce panel-first-child panel-last-child\" data-index=\"1\" ><div class=\"textwidget\"><p><a href=\"https:\/\/www.trltransportes.com.br\/wp-content\/uploads\/2021\/02\/img_empresa.png\"><img class=\"alignnone size-full wp-image-35\" src=\"https:\/\/www.trltransportes.com.br\/wp-content\/uploads\/2021\/02\/img_empresa.png\" alt=\"5\" width=\"848\" height=\"480\" \/><\/a><\/p>\n<p><a href=\"https:\/\/www.trltransportes.com.br\/wp-content\/uploads\/2021\/02\/sala_sarah.jpg\"><img class=\"alignnone size-full wp-image-64\" src=\"https:\/\/www.trltransportes.com.br\/wp-content\/uploads\/2021\/02\/sala_sarah.jpg\" alt=\"34\" width=\"848\" height=\"480\" \/><\/a><\/p>\n<\/div><\/div><\/div><\/div><div id=\"pg-232-1\"  class=\"panel-grid panel-has-style\" ><div class=\"siteorigin-panels-stretch panel-row-style panel-row-style-for-232-1\" data-stretch-type=\"full\" ><div id=\"pgc-232-1-0\"  class=\"panel-grid-cell\" ><div id=\"panel-232-1-0-0\" class=\"so-panel widget widget_pw_call_to_action widget-call-to-action panel-first-child panel-last-child\" data-index=\"2\" ><div class=\"panel-widget-style panel-widget-style-for-232-1-0-0\" >\t\t\t\t<div class=\"call-to-action\">\n\t\t\t\t\t<div class=\"call-to-action__text\">\n\t\t\t\t\t\tSOLICITE SEU OR\u00c7AMENTO DE FRETE AGORA\t\t\t\t\t<\/div>\n\t\t\t\t\t<div class=\"call-to-action__button\">\n\t\t\t\t\t\t<a class=\"btn    btn-primary\" href=\"#contato\" target=\"_self\">BUSCA FRETE<\/a>\t\t\t\t\t<\/div>\n\t\t\t\t<\/div>\n\t\t\t<\/div><\/div><\/div><\/div><\/div><div id=\"pg-232-2\"  class=\"panel-grid panel-has-style\" ><div class=\"contato panel-row-style panel-row-style-for-232-2\" id=\"contato\" ><div id=\"pgc-232-2-0\"  class=\"panel-grid-cell\" ><div id=\"panel-232-2-0-0\" class=\"so-panel widget widget_black-studio-tinymce widget_black_studio_tinymce panel-first-child\" data-index=\"3\" ><div class=\"textwidget\"><h3>SOLICITE SEU OR\u00c7AMENTO<\/h3>\n<\/div><\/div><div id=\"panel-232-2-0-1\" class=\"so-panel widget widget_black-studio-tinymce widget_black_studio_tinymce panel-last-child\" data-index=\"4\" ><div class=\"textwidget\"><p><div role=\"form\" class=\"wpcf7\" id=\"wpcf7-f313-o1\" lang=\"en-US\" dir=\"ltr\">\n<div class=\"screen-reader-response\"><p role=\"status\" aria-live=\"polite\" aria-atomic=\"true\"><\/p> <ul><\/ul><\/div>\n<form action=\"\/index.php\/wp-json\/wp\/v2\/pages\/232#wpcf7-f313-o1\" method=\"post\" class=\"wpcf7-form init\" novalidate=\"novalidate\" data-status=\"init\">\n<div style=\"display: none;\">\n<input type=\"hidden\" name=\"_wpcf7\" value=\"313\" \/>\n<input type=\"hidden\" name=\"_wpcf7_version\" value=\"5.4\" \/>\n<input type=\"hidden\" name=\"_wpcf7_locale\" value=\"en_US\" \/>\n<input type=\"hidden\" name=\"_wpcf7_unit_tag\" value=\"wpcf7-f313-o1\" \/>\n<input type=\"hidden\" name=\"_wpcf7_container_post\" value=\"0\" \/>\n<input type=\"hidden\" name=\"_wpcf7_posted_data_hash\" value=\"\" \/>\n<\/div>\n<div class=\"contact-form-small\">\n<div class=\"row\">\n<div class=\"col-xs-12  col-md-6\">\n      <span class=\"wpcf7-form-control-wrap your-name\"><input type=\"text\" name=\"your-name\" value=\"\" size=\"40\" class=\"wpcf7-form-control wpcf7-text wpcf7-validates-as-required\" aria-required=\"true\" aria-invalid=\"false\" placeholder=\"Nome de Contato\" \/><\/span><br \/>\n      <span class=\"wpcf7-form-control-wrap your-email\"><input type=\"email\" name=\"your-email\" value=\"\" size=\"40\" class=\"wpcf7-form-control wpcf7-text wpcf7-email wpcf7-validates-as-required wpcf7-validates-as-email\" aria-required=\"true\" aria-invalid=\"false\" placeholder=\"Email de Contato\" \/><\/span><br \/>\n      <span class=\"wpcf7-form-control-wrap select-origem\"><select name=\"select-origem\" class=\"wpcf7-form-control wpcf7-select wpcf7-validates-as-required\" aria-required=\"true\" aria-invalid=\"false\"><option value=\"Informe a Origem\">Informe a Origem<\/option><option value=\"Noroeste ES\">Noroeste ES<\/option><option value=\"Litoral Norte ES\">Litoral Norte ES<\/option><option value=\"Central ES\">Central ES<\/option><option value=\"Sul ES\">Sul ES<\/option><option value=\"Regi\u00e3o Noroeste RJ\">Regi\u00e3o Noroeste RJ<\/option><option value=\"Regi\u00e3o Norte RJ\">Regi\u00e3o Norte RJ<\/option><option value=\"Regi\u00e3o Serrana RJ\">Regi\u00e3o Serrana RJ<\/option><option value=\"Baixadas Litor\u00e2nea RJ Regi\u00e3o M\u00e9dio Para\u00edba RJ\">Baixadas Litor\u00e2nea RJ Regi\u00e3o M\u00e9dio Para\u00edba RJ<\/option><option value=\"Regi\u00e3o Centro-Sul RJ Regi\u00e3o da Costa Verde RJ\">Regi\u00e3o Centro-Sul RJ Regi\u00e3o da Costa Verde RJ<\/option><option value=\"Alto Parana\u00edba MG\">Alto Parana\u00edba MG<\/option><option value=\"Central MG\">Central MG<\/option><option value=\"Centro-Oeste MG\">Centro-Oeste MG<\/option><option value=\"Jequitinhonha\/Mucuri MG\">Jequitinhonha\/Mucuri MG<\/option><option value=\"Zona da Mata MG\">Zona da Mata MG<\/option><option value=\"Noroeste MG\">Noroeste MG<\/option><option value=\"Norte MG\">Norte MG<\/option><option value=\"Rio Doce MG\">Rio Doce MG<\/option><\/select><\/span><br \/>\n      <span class=\"wpcf7-form-control-wrap select-destino\"><select name=\"select-destino\" class=\"wpcf7-form-control wpcf7-select wpcf7-validates-as-required\" aria-required=\"true\" aria-invalid=\"false\"><option value=\"Informe o Destino\">Informe o Destino<\/option><option value=\"Noroeste ES\">Noroeste ES<\/option><option value=\"Litoral Norte ES\">Litoral Norte ES<\/option><option value=\"Central ES\">Central ES<\/option><option value=\"Sul ES\">Sul ES<\/option><option value=\"Regi\u00e3o Noroeste RJ\">Regi\u00e3o Noroeste RJ<\/option><option value=\"Regi\u00e3o Norte RJ\">Regi\u00e3o Norte RJ<\/option><option value=\"Regi\u00e3o Serrana RJ\">Regi\u00e3o Serrana RJ<\/option><option value=\"Baixadas Litor\u00e2nea RJ Regi\u00e3o M\u00e9dio Para\u00edba RJ\">Baixadas Litor\u00e2nea RJ Regi\u00e3o M\u00e9dio Para\u00edba RJ<\/option><option value=\"Regi\u00e3o Centro-Sul RJ Regi\u00e3o da Costa Verde RJ\">Regi\u00e3o Centro-Sul RJ Regi\u00e3o da Costa Verde RJ<\/option><option value=\"Alto Parana\u00edba MG\">Alto Parana\u00edba MG<\/option><option value=\"Central MG\">Central MG<\/option><option value=\"Centro-Oeste MG\">Centro-Oeste MG<\/option><option value=\"Jequitinhonha\/Mucuri MG\">Jequitinhonha\/Mucuri MG<\/option><option value=\"Zona da Mata MG\">Zona da Mata MG<\/option><option value=\"Noroeste MG\">Noroeste MG<\/option><option value=\"Norte MG\">Norte MG<\/option><option value=\"Rio Doce MG\">Rio Doce MG<\/option><\/select><\/span>\n    <\/div>\n<div class=\"col-xs-12  col-md-6\">\n        <span class=\"wpcf7-form-control-wrap telefone\"><input type=\"tel\" name=\"telefone\" value=\"Telefone Contato\" size=\"40\" class=\"wpcf7-form-control wpcf7-text wpcf7-tel wpcf7-validates-as-required wpcf7-validates-as-tel\" aria-required=\"true\" aria-invalid=\"false\" \/><\/span><br \/>\n        <span class=\"wpcf7-form-control-wrap your-message\"><textarea name=\"your-message\" cols=\"40\" rows=\"10\" class=\"wpcf7-form-control wpcf7-textarea\" aria-invalid=\"false\" placeholder=\"Informe Maiores Detalhes\"><\/textarea><\/span>\n    <\/div>\n<div class=\"col-xs-12  col-md-12\">\n      <input type=\"submit\" value=\"ENVIAR\" class=\"wpcf7-form-control wpcf7-submit btn btn-primary pull-right\" \/>\n    <\/div>\n<\/div>\n<\/div>\n<div class=\"wpcf7-response-output\" aria-hidden=\"true\"><\/div><\/form><\/div><\/p>\n<\/div><\/div><\/div><\/div><\/div><\/div>","protected":false},"excerpt":{"rendered":"<p>A Oportunidade Surge em meio a crise Em meio a Crise mundial no final de 2008, aonde a maioria das pessoas principalmente influenciada pela m\u00eddia, o Sr Rubem e sua esposa Dona Nilda decidiram abrir uma transportadora no interior do Rio de Janeiro. Fundada em Janeiro de 2009 a Transportadora Rodovi\u00e1rio Lisboa Ltda (TRL Transportes), &hellip;<\/p>\n","protected":false},"author":1,"featured_media":0,"parent":0,"menu_order":0,"comment_status":"closed","ping_status":"open","template":"","meta":[],"_links":{"self":[{"href":"https:\/\/www.trltransportes.com.br\/index.php\/wp-json\/wp\/v2\/pages\/232"}],"collection":[{"href":"https:\/\/www.trltransportes.com.br\/index.php\/wp-json\/wp\/v2\/pages"}],"about":[{"href":"https:\/\/www.trltransportes.com.br\/index.php\/wp-json\/wp\/v2\/types\/page"}],"author":[{"embeddable":true,"href":"https:\/\/www.trltransportes.com.br\/index.php\/wp-json\/wp\/v2\/users\/1"}],"replies":[{"embeddable":true,"href":"https:\/\/www.trltransportes.com.br\/index.php\/wp-json\/wp\/v2\/comments?post=232"}],"version-history":[{"count":30,"href":"https:\/\/www.trltransportes.com.br\/index.php\/wp-json\/wp\/v2\/pages\/232\/revisions"}],"predecessor-version":[{"id":1085,"href":"https:\/\/www.trltransportes.com.br\/index.php\/wp-json\/wp\/v2\/pages\/232\/revisions\/1085"}],"wp:attachment":[{"href":"https:\/\/www.trltransportes.com.br\/index.php\/wp-json\/wp\/v2\/media?parent=232"}],"curies":[{"name":"wp","href":"https:\/\/api.w.org\/{rel}","templated":true}]}}