{"id":950,"date":"2021-02-13T14:29:56","date_gmt":"2021-02-13T17:29:56","guid":{"rendered":"https:\/\/www.trltransportes.com.br\/?page_id=950"},"modified":"2021-03-20T12:11:38","modified_gmt":"2021-03-20T15:11:38","slug":"atuacao","status":"publish","type":"page","link":"https:\/\/www.trltransportes.com.br\/index.php\/atuacao\/","title":{"rendered":"Atua\u00e7\u00e3o"},"content":{"rendered":"<div id=\"pl-950\"  class=\"panel-layout\" ><div id=\"pg-950-0\"  class=\"panel-grid panel-no-style\" ><div id=\"pgc-950-0-0\"  class=\"panel-grid-cell\" ><div id=\"panel-950-0-0-0\" class=\"so-panel widget widget_black-studio-tinymce widget_black_studio_tinymce panel-first-child panel-last-child\" data-index=\"0\" ><div class=\"textwidget\"><h2>Nossa Area de Atua\u00e7\u00e3o<\/h2>\n<p style=\"text-align: justify;\">A TRL Transportes atua com transportes nos estados do Rio de Janeiro, Minas Gerais, e Esp\u00edrito Santo, fazendo a log\u00edstica de v\u00e1rias empresas. Contamos com sistema automatizado, esta\u00e7\u00e3o de transbordo e base operacional que agiliza o processo de l\u00f3g\u00edstica, permitindo ao cliente ter sua carga em seu estabelecimento em at\u00e9 24 horas. Se for da necessidade de acordo com o contrato.<\/p>\n<\/div><\/div><\/div><div id=\"pgc-950-0-1\"  class=\"panel-grid-cell\" ><div id=\"panel-950-0-1-0\" class=\"so-panel widget widget_black-studio-tinymce widget_black_studio_tinymce panel-first-child panel-last-child\" data-index=\"1\" ><div class=\"textwidget\"><p><a href=\"https:\/\/www.trltransportes.com.br\/wp-content\/uploads\/2021\/02\/img_area_atuacao_sudeste.png\"><img class=\"alignnone size-full wp-image-35\" src=\"https:\/\/www.trltransportes.com.br\/wp-content\/uploads\/2021\/02\/img_area_atuacao_sudeste.png\" alt=\"5\" width=\"848\" height=\"480\" \/><\/a><\/p>\n<\/div><\/div><\/div><\/div><div id=\"pg-950-1\"  class=\"panel-grid panel-has-style\" ><div class=\"siteorigin-panels-stretch panel-row-style panel-row-style-for-950-1\" data-stretch-type=\"full\" ><div id=\"pgc-950-1-0\"  class=\"panel-grid-cell\" ><div id=\"panel-950-1-0-0\" class=\"so-panel widget widget_pw_call_to_action widget-call-to-action panel-first-child panel-last-child\" data-index=\"2\" ><div class=\"panel-widget-style panel-widget-style-for-950-1-0-0\" >\t\t\t\t<div class=\"call-to-action\">\n\t\t\t\t\t<div class=\"call-to-action__text\">\n\t\t\t\t\t\tSOLICITE SEU OR\u00c7AMENTO DE FRETE AGORA\t\t\t\t\t<\/div>\n\t\t\t\t\t<div class=\"call-to-action__button\">\n\t\t\t\t\t\t<a class=\"btn    btn-primary\" href=\"#\" target=\"_blank\">BUSCA FRETE<\/a>\t\t\t\t\t<\/div>\n\t\t\t\t<\/div>\n\t\t\t<\/div><\/div><\/div><\/div><\/div><div id=\"pg-950-2\"  class=\"panel-grid panel-has-style\" ><div class=\"siteorigin-panels-stretch panel-row-style panel-row-style-for-950-2\" data-stretch-type=\"full\" ><div id=\"pgc-950-2-0\"  class=\"panel-grid-cell\" ><div id=\"panel-950-2-0-0\" class=\"so-panel widget widget_sow-accordion panel-first-child panel-last-child\" data-index=\"3\" ><div\n\t\t\t\n\t\t\tclass=\"so-widget-sow-accordion so-widget-sow-accordion-default-2f1e2650bd05-950\"\n\t\t\t\n\t\t><h3 class=\"widget-title\"><span class=\"widget-title__inline\">Cidades de Atua\u00e7\u00e3o<\/span><\/h3><div>\n\t<div class=\"sow-accordion\">\n\t\t\t<div class=\"sow-accordion-panel\"\n\t\t\t data-anchor-id=\"rio-de-janeiro\">\n\t\t\t\t<div class=\"sow-accordion-panel-header-container\" role=\"heading\" aria-level=\"2\">\n\t\t\t\t\t<div class=\"sow-accordion-panel-header\" tabindex=\"0\" role=\"button\" id=\"accordion-label-rio-de-janeiro\" aria-controls=\"accordion-content-rio-de-janeiro\" aria-expanded=\"false\">\n\t\t\t\t\t\t<div class=\"sow-accordion-title sow-accordion-title-icon-left\">\n\t\t\t\t\t\t\t\t\t\t\t\t\t\tRio de Janeiro\t\t\t\t\t\t\t\t\t\t\t\t\t<\/div>\n\t\t\t\t\t\t<div class=\"sow-accordion-open-close-button\">\n\t\t\t\t\t\t\t<div class=\"sow-accordion-open-button\">\n\t\t\t\t\t\t\t\t<span class=\"sow-icon-ionicons\" data-sow-icon=\"&#xf218;\"\n\t\t \n\t\taria-hidden=\"true\"><\/span>\t\t\t\t\t\t\t<\/div>\n\t\t\t\t\t\t\t<div class=\"sow-accordion-close-button\">\n\t\t\t\t\t\t\t\t<span class=\"sow-icon-ionicons\" data-sow-icon=\"&#xf209;\"\n\t\t \n\t\taria-hidden=\"true\"><\/span>\t\t\t\t\t\t\t<\/div>\n\t\t\t\t\t\t<\/div>\n\t\t\t\t\t<\/div>\n\t\t\t\t<\/div>\n\n\t\t\t<div\n\t\t\t\tclass=\"sow-accordion-panel-content\"\n\t\t\t\trole=\"region\"\n\t\t\t\taria-labelledby=\"accordion-label-rio-de-janeiro\"\n\t\t\t\tid=\"accordion-content-rio-de-janeiro\"\n\t\t\t\tstyle=\"display: none;\"\t\t\t>\n\t\t\t\t<div class=\"sow-accordion-panel-border\">\n\t\t\t\t\t<table>\n<tr>\n<td style=\"padding-left:95px;\">Aperib\u00e9<\/td>\n<td style=\"padding-left:95px;\">Carmo<\/td>\n<td style=\"padding-left:95px;\">Grussai<\/td>\n<td style=\"padding-left:95px;\">S.Franciso de Itabapoana<\/td>\n<\/tr>\n<tr>\n<td style=\"padding-left:95px;\">Araruama<\/td>\n<td style=\"padding-left:95px;\">Cordeiro<\/td>\n<td style=\"padding-left:95px;\">Guapimirim<\/td>\n<td style=\"padding-left:95px;\">S.J.de Ub\u00e1<\/td>\n<\/tr>\n<tr>\n<td style=\"padding-left:95px;\">Boa Sorte<\/td>\n<td style=\"padding-left:95px;\">Italva<\/td>\n<td style=\"padding-left:95px;\">Itaperuna<\/td>\n<td style=\"padding-left:95px;\">Santa Maria<\/td>\n<\/tr>\n<tr>\n<td style=\"padding-left:95px;\">Boa Ventura<\/td>\n<td style=\"padding-left:95px;\">Itaocara<\/td>\n<td style=\"padding-left:95px;\">Jamapar\u00e1<\/td>\n<td style=\"padding-left:95px;\">S\u00e3o Fidelis<\/td>\n<\/tr>\n<tr>\n<td style=\"padding-left:95px;\">Bom Jardim<\/td>\n<td style=\"padding-left:95px;\">Laje do Muria\u00e9<\/td>\n<td style=\"padding-left:95px;\">Macuco<\/td>\n<td style=\"padding-left:95px;\">S\u00e3o J.do V. Rio Preto<\/td>\n<\/tr>\n<tr>\n<td style=\"padding-left:95px;\">Bom Jesus<\/td>\n<td style=\"padding-left:95px;\">Miracema<\/td>\n<td style=\"padding-left:95px;\">Monerath<\/td>\n<td style=\"padding-left:95px;\">S\u00e3o Jo\u00e3o da Barra<\/td>\n<\/tr>\n<tr>\n<td style=\"padding-left:95px;\">Cambuci<\/td>\n<td style=\"padding-left:95px;\">Natividade<\/td>\n<td style=\"padding-left:95px;\">Nova Friburgo<\/td>\n<td style=\"padding-left:95px;\">S\u00e3o Sebasti\u00e3o do Alto<\/td>\n<\/tr>\n<tr>\n<td style=\"padding-left:95px;\">Campos<\/td>\n<td style=\"padding-left:95px;\">P\u00e1dua<\/td>\n<td style=\"padding-left:95px;\">Parada Modelo<\/td>\n<td style=\"padding-left:95px;\">Sapucaia<\/td>\n<\/tr>\n<tr>\n<td style=\"padding-left:95px;\">Cantagalo<\/td>\n<td style=\"padding-left:95px;\">Paraiba do Sul<\/td>\n<td style=\"padding-left:95px;\">Petropolis<\/td>\n<td style=\"padding-left:95px;\">Sumidouro<\/td>\n<\/tr>\n<tr>\n<td style=\"padding-left:95px;\">Cardoso Moreira<\/td>\n<td style=\"padding-left:95px;\">Porciuncula<\/td>\n<td style=\"padding-left:95px;\">Raposo<\/td>\n<td style=\"padding-left:95px;\">Teresopolis<\/td>\n<\/tr>\n<tr>\n<td style=\"padding-left:95px;\">Trajano de Morais<\/td>\n<td style=\"padding-left:95px;\">Tr\u00eas Rios<\/td>\n<td style=\"padding-left:95px;\">Varre Sai<\/td>\n<td style=\"padding-left:95px;\"><\/td>\n<\/tr>\n<\/table>\n\t\t\t\t<\/div>\n\t\t\t<\/div>\n\t\t<\/div>\n\t\t\t<div class=\"sow-accordion-panel\"\n\t\t\t data-anchor-id=\"minas-gerais\">\n\t\t\t\t<div class=\"sow-accordion-panel-header-container\" role=\"heading\" aria-level=\"2\">\n\t\t\t\t\t<div class=\"sow-accordion-panel-header\" tabindex=\"0\" role=\"button\" id=\"accordion-label-minas-gerais\" aria-controls=\"accordion-content-minas-gerais\" aria-expanded=\"false\">\n\t\t\t\t\t\t<div class=\"sow-accordion-title sow-accordion-title-icon-left\">\n\t\t\t\t\t\t\t\t\t\t\t\t\t\tMinas Gerais\t\t\t\t\t\t\t\t\t\t\t\t\t<\/div>\n\t\t\t\t\t\t<div class=\"sow-accordion-open-close-button\">\n\t\t\t\t\t\t\t<div class=\"sow-accordion-open-button\">\n\t\t\t\t\t\t\t\t<span class=\"sow-icon-ionicons\" data-sow-icon=\"&#xf218;\"\n\t\t \n\t\taria-hidden=\"true\"><\/span>\t\t\t\t\t\t\t<\/div>\n\t\t\t\t\t\t\t<div class=\"sow-accordion-close-button\">\n\t\t\t\t\t\t\t\t<span class=\"sow-icon-ionicons\" data-sow-icon=\"&#xf209;\"\n\t\t \n\t\taria-hidden=\"true\"><\/span>\t\t\t\t\t\t\t<\/div>\n\t\t\t\t\t\t<\/div>\n\t\t\t\t\t<\/div>\n\t\t\t\t<\/div>\n\n\t\t\t<div\n\t\t\t\tclass=\"sow-accordion-panel-content\"\n\t\t\t\trole=\"region\"\n\t\t\t\taria-labelledby=\"accordion-label-minas-gerais\"\n\t\t\t\tid=\"accordion-content-minas-gerais\"\n\t\t\t\tstyle=\"display: none;\"\t\t\t>\n\t\t\t\t<div class=\"sow-accordion-panel-border\">\n\t\t\t\t\t<table>\n<tr>\n<td style=\"padding-left:95px;\">Al\u00e9m Para\u00edba<\/td>\n<td style=\"padding-left:95px;\">Astolfo Dutra<\/td>\n<td style=\"padding-left:95px;\">Bicas<\/td>\n<td style=\"padding-left:95px;\">Carangola<\/td>\n<\/tr>\n<tr>\n<td style=\"padding-left:95px;\">Cataguases<\/td>\n<td style=\"padding-left:95px;\">Divino<\/td>\n<td style=\"padding-left:95px;\">Espera Feliz<\/td>\n<td style=\"padding-left:95px;\">Eug\u00eanopolis<\/td>\n<\/tr>\n<tr>\n<td style=\"padding-left:95px;\">Erv\u00e1lia<\/td>\n<td style=\"padding-left:95px;\">Estrela Dalva<\/td>\n<td style=\"padding-left:95px;\">Fervedouro<\/td>\n<td style=\"padding-left:95px;\">Guarani<\/td>\n<\/tr>\n<tr>\n<td style=\"padding-left:95px;\">Guiricema<\/td>\n<td style=\"padding-left:95px;\">Juiz de Fora<\/td>\n<td style=\"padding-left:95px;\">Leopoldina<\/td>\n<td style=\"padding-left:95px;\">Lima Duarte<\/td>\n<\/tr>\n<tr>\n<td style=\"padding-left:95px;\">Mar de Espanha<\/td>\n<td style=\"padding-left:95px;\">Matias Barbosa<\/td>\n<td style=\"padding-left:95px;\">Merces<\/td>\n<td style=\"padding-left:95px;\">Miradouro<\/td>\n<\/tr>\n<tr>\n<td style=\"padding-left:95px;\">Mirai<\/td>\n<td style=\"padding-left:95px;\">Muria\u00e9<\/td>\n<td style=\"padding-left:95px;\">Patrocinio do Muria\u00e9<\/td>\n<td style=\"padding-left:95px;\">Pequeri<\/td>\n<\/tr>\n<tr>\n<td style=\"padding-left:95px;\">Pirapetinga<\/td>\n<td style=\"padding-left:95px;\">Pirauba<\/td>\n<td style=\"padding-left:95px;\">Ponte Nova<\/td>\n<td style=\"padding-left:95px;\">Porto Firme<\/td>\n<\/tr>\n<tr>\n<td style=\"padding-left:95px;\">Recreio<\/td>\n<td style=\"padding-left:95px;\">Rio Pomba<\/td>\n<td style=\"padding-left:95px;\">Rodeiro<\/td>\n<td style=\"padding-left:95px;\">Tocantins<\/td>\n<\/tr>\n<tr>\n<td style=\"padding-left:95px;\">Tombos<\/td>\n<td style=\"padding-left:95px;\">Ub\u00e1<\/td>\n<td style=\"padding-left:95px;\">Vieiras<\/td>\n<td style=\"padding-left:95px;\">Vi\u00e7osa<\/td>\n<\/tr>\n<tr>\n<td style=\"padding-left:95px;\">Visconde R.Branco<\/td>\n<td style=\"padding-left:95px;\">Volta Grande<\/td>\n<td style=\"padding-left:95px;\"><\/td>\n<td style=\"padding-left:95px;\"><\/td>\n<\/tr>\n<\/table>\n\t\t\t\t<\/div>\n\t\t\t<\/div>\n\t\t<\/div>\n\t\t\t<div class=\"sow-accordion-panel\"\n\t\t\t data-anchor-id=\"esp%c3%adrito-santo\">\n\t\t\t\t<div class=\"sow-accordion-panel-header-container\" role=\"heading\" aria-level=\"2\">\n\t\t\t\t\t<div class=\"sow-accordion-panel-header\" tabindex=\"0\" role=\"button\" id=\"accordion-label-esp%c3%adrito-santo\" aria-controls=\"accordion-content-esp%c3%adrito-santo\" aria-expanded=\"false\">\n\t\t\t\t\t\t<div class=\"sow-accordion-title sow-accordion-title-icon-left\">\n\t\t\t\t\t\t\t\t\t\t\t\t\t\tEsp\u00edrito Santo\t\t\t\t\t\t\t\t\t\t\t\t\t<\/div>\n\t\t\t\t\t\t<div class=\"sow-accordion-open-close-button\">\n\t\t\t\t\t\t\t<div class=\"sow-accordion-open-button\">\n\t\t\t\t\t\t\t\t<span class=\"sow-icon-ionicons\" data-sow-icon=\"&#xf218;\"\n\t\t \n\t\taria-hidden=\"true\"><\/span>\t\t\t\t\t\t\t<\/div>\n\t\t\t\t\t\t\t<div class=\"sow-accordion-close-button\">\n\t\t\t\t\t\t\t\t<span class=\"sow-icon-ionicons\" data-sow-icon=\"&#xf209;\"\n\t\t \n\t\taria-hidden=\"true\"><\/span>\t\t\t\t\t\t\t<\/div>\n\t\t\t\t\t\t<\/div>\n\t\t\t\t\t<\/div>\n\t\t\t\t<\/div>\n\n\t\t\t<div\n\t\t\t\tclass=\"sow-accordion-panel-content\"\n\t\t\t\trole=\"region\"\n\t\t\t\taria-labelledby=\"accordion-label-esp%c3%adrito-santo\"\n\t\t\t\tid=\"accordion-content-esp%c3%adrito-santo\"\n\t\t\t\tstyle=\"display: none;\"\t\t\t>\n\t\t\t\t<div class=\"sow-accordion-panel-border\">\n\t\t\t\t\t<table>\n<tr>\n<td style=\"padding-left:95px;\">Afonso Claudio<\/td>\n<td style=\"padding-left:95px;\">Alegre<\/td>\n<td style=\"padding-left:95px;\">Anchieta<\/td>\n<td style=\"padding-left:95px;\">Apiac\u00e1<\/td>\n<\/tr>\n<tr>\n<td style=\"padding-left:95px;\">Aracruz<\/td>\n<td style=\"padding-left:95px;\">Atilio Vivacqua<\/td>\n<td style=\"padding-left:95px;\">Cachoeiro do Itapemirim<\/td>\n<td style=\"padding-left:95px;\">Cariacica<\/td>\n<\/tr>\n<tr>\n<td style=\"padding-left:95px;\">Castelo<\/td>\n<td style=\"padding-left:95px;\">Colatina<\/td>\n<td style=\"padding-left:95px;\">Concei\u00e7\u00e3o do Castelo<\/td>\n<td style=\"padding-left:95px;\">Domingo Martins<\/td>\n<\/tr>\n<tr>\n<td style=\"padding-left:95px;\">Dores do Rio Preto<\/td>\n<td style=\"padding-left:95px;\">Fund\u00e3o<\/td>\n<td style=\"padding-left:95px;\">Gua\u00e7ui<\/td>\n<td style=\"padding-left:95px;\">Guarapari<\/td>\n<\/tr>\n<tr>\n<td style=\"padding-left:95px;\">Ibatiba<\/td>\n<td style=\"padding-left:95px;\">Ibitirama<\/td>\n<td style=\"padding-left:95px;\">Iconha<\/td>\n<td style=\"padding-left:95px;\"Irupi<\/td>\n<\/td><\/tr>\n<tr>\n<td style=\"padding-left:95px;\">Itapimirim<\/td>\n<td style=\"padding-left:95px;\">Itarana<\/td>\n<td style=\"padding-left:95px;\">Iuna<\/td>\n<td style=\"padding-left:95px;\">Jer\u00f4nimo Monterio<\/td>\n<\/tr>\n<tr>\n<td style=\"padding-left:95px;\">Jo\u00e3o Neiva<\/td>\n<td style=\"padding-left:95px;\">Laranja da Terra<\/td>\n<td style=\"padding-left:95px;\">Marata\u00edzes<\/td>\n<td style=\"padding-left:95px;\">Marechal Floriano<\/td>\n<\/tr>\n<tr>\n<td style=\"padding-left:95px;\">Mimoso Do Sul<\/td>\n<td style=\"padding-left:95px;\">Muniz freire<\/td>\n<td style=\"padding-left:95px;\">Piuma<\/td>\n<td style=\"padding-left:95px;\">Rio Novo do Sul<\/td>\n<\/tr>\n<tr>\n<td style=\"padding-left:95px;\">S. J. dos Cal\u00e7ados<\/td>\n<td style=\"padding-left:95px;\">Serra<\/td>\n<td style=\"padding-left:95px;\">Vargem Alta<\/td>\n<td style=\"padding-left:95px;\">Venda Nova do Imigrante<\/td>\n<\/tr>\n<tr>\n<td style=\"padding-left:95px;\">Viana<\/td>\n<td style=\"padding-left:95px;\">Vila Velha<\/td>\n<td style=\"padding-left:95px;\"><\/td>\n<td style=\"padding-left:95px;\"><\/td>\n<\/tr>\n<\/table>\n\t\t\t\t<\/div>\n\t\t\t<\/div>\n\t\t<\/div>\n\t\t<\/div>\n<\/div>\n<\/div><\/div><\/div><\/div><\/div><div id=\"pg-950-3\"  class=\"panel-grid panel-has-style\" ><div class=\"siteorigin-panels-stretch panel-row-style panel-row-style-for-950-3\" data-stretch-type=\"full\" ><div id=\"pgc-950-3-0\"  class=\"panel-grid-cell\" ><div id=\"panel-950-3-0-0\" class=\"so-panel widget widget_pw_call_to_action widget-call-to-action panel-first-child panel-last-child\" data-index=\"4\" ><div class=\"panel-widget-style panel-widget-style-for-950-3-0-0\" >\t\t\t\t<div class=\"call-to-action\">\n\t\t\t\t\t<div class=\"call-to-action__text\">\n\t\t\t\t\t\tSOLICITE SEU OR\u00c7AMENTO DE FRETE AGORA\t\t\t\t\t<\/div>\n\t\t\t\t\t<div class=\"call-to-action__button\">\n\t\t\t\t\t\t<a class=\"btn    btn-primary\" href=\"#contato\" target=\"_self\">BUSCA FRETE<\/a>\t\t\t\t\t<\/div>\n\t\t\t\t<\/div>\n\t\t\t<\/div><\/div><\/div><\/div><\/div><div id=\"pg-950-4\"  class=\"panel-grid panel-has-style\" ><div class=\"contato panel-row-style panel-row-style-for-950-4\" id=\"contato\" ><div id=\"pgc-950-4-0\"  class=\"panel-grid-cell\" ><div id=\"panel-950-4-0-0\" class=\"so-panel widget widget_black-studio-tinymce widget_black_studio_tinymce panel-first-child\" data-index=\"5\" ><div class=\"textwidget\"><h3>SOLICITE SEU OR\u00c7AMENTO<\/h3>\n<\/div><\/div><div id=\"panel-950-4-0-1\" class=\"so-panel widget widget_black-studio-tinymce widget_black_studio_tinymce panel-last-child\" data-index=\"6\" ><div class=\"textwidget\"><p><div role=\"form\" class=\"wpcf7\" id=\"wpcf7-f313-o1\" lang=\"en-US\" dir=\"ltr\">\n<div class=\"screen-reader-response\"><p role=\"status\" aria-live=\"polite\" aria-atomic=\"true\"><\/p> <ul><\/ul><\/div>\n<form action=\"\/index.php\/wp-json\/wp\/v2\/pages\/950#wpcf7-f313-o1\" method=\"post\" class=\"wpcf7-form init\" novalidate=\"novalidate\" data-status=\"init\">\n<div style=\"display: none;\">\n<input type=\"hidden\" name=\"_wpcf7\" value=\"313\" \/>\n<input type=\"hidden\" name=\"_wpcf7_version\" value=\"5.4\" \/>\n<input type=\"hidden\" name=\"_wpcf7_locale\" value=\"en_US\" \/>\n<input type=\"hidden\" name=\"_wpcf7_unit_tag\" value=\"wpcf7-f313-o1\" \/>\n<input type=\"hidden\" name=\"_wpcf7_container_post\" value=\"0\" \/>\n<input type=\"hidden\" name=\"_wpcf7_posted_data_hash\" value=\"\" \/>\n<\/div>\n<div class=\"contact-form-small\">\n<div class=\"row\">\n<div class=\"col-xs-12  col-md-6\">\n      <span class=\"wpcf7-form-control-wrap your-name\"><input type=\"text\" name=\"your-name\" value=\"\" size=\"40\" class=\"wpcf7-form-control wpcf7-text wpcf7-validates-as-required\" aria-required=\"true\" aria-invalid=\"false\" placeholder=\"Nome de Contato\" \/><\/span><br \/>\n      <span class=\"wpcf7-form-control-wrap your-email\"><input type=\"email\" name=\"your-email\" value=\"\" size=\"40\" class=\"wpcf7-form-control wpcf7-text wpcf7-email wpcf7-validates-as-required wpcf7-validates-as-email\" aria-required=\"true\" aria-invalid=\"false\" placeholder=\"Email de Contato\" \/><\/span><br \/>\n      <span class=\"wpcf7-form-control-wrap select-origem\"><select name=\"select-origem\" class=\"wpcf7-form-control wpcf7-select wpcf7-validates-as-required\" aria-required=\"true\" aria-invalid=\"false\"><option value=\"Informe a Origem\">Informe a Origem<\/option><option value=\"Noroeste ES\">Noroeste ES<\/option><option value=\"Litoral Norte ES\">Litoral Norte ES<\/option><option value=\"Central ES\">Central ES<\/option><option value=\"Sul ES\">Sul ES<\/option><option value=\"Regi\u00e3o Noroeste RJ\">Regi\u00e3o Noroeste RJ<\/option><option value=\"Regi\u00e3o Norte RJ\">Regi\u00e3o Norte RJ<\/option><option value=\"Regi\u00e3o Serrana RJ\">Regi\u00e3o Serrana RJ<\/option><option value=\"Baixadas Litor\u00e2nea RJ Regi\u00e3o M\u00e9dio Para\u00edba RJ\">Baixadas Litor\u00e2nea RJ Regi\u00e3o M\u00e9dio Para\u00edba RJ<\/option><option value=\"Regi\u00e3o Centro-Sul RJ Regi\u00e3o da Costa Verde RJ\">Regi\u00e3o Centro-Sul RJ Regi\u00e3o da Costa Verde RJ<\/option><option value=\"Alto Parana\u00edba MG\">Alto Parana\u00edba MG<\/option><option value=\"Central MG\">Central MG<\/option><option value=\"Centro-Oeste MG\">Centro-Oeste MG<\/option><option value=\"Jequitinhonha\/Mucuri MG\">Jequitinhonha\/Mucuri MG<\/option><option value=\"Zona da Mata MG\">Zona da Mata MG<\/option><option value=\"Noroeste MG\">Noroeste MG<\/option><option value=\"Norte MG\">Norte MG<\/option><option value=\"Rio Doce MG\">Rio Doce MG<\/option><\/select><\/span><br \/>\n      <span class=\"wpcf7-form-control-wrap select-destino\"><select name=\"select-destino\" class=\"wpcf7-form-control wpcf7-select wpcf7-validates-as-required\" aria-required=\"true\" aria-invalid=\"false\"><option value=\"Informe o Destino\">Informe o Destino<\/option><option value=\"Noroeste ES\">Noroeste ES<\/option><option value=\"Litoral Norte ES\">Litoral Norte ES<\/option><option value=\"Central ES\">Central ES<\/option><option value=\"Sul ES\">Sul ES<\/option><option value=\"Regi\u00e3o Noroeste RJ\">Regi\u00e3o Noroeste RJ<\/option><option value=\"Regi\u00e3o Norte RJ\">Regi\u00e3o Norte RJ<\/option><option value=\"Regi\u00e3o Serrana RJ\">Regi\u00e3o Serrana RJ<\/option><option value=\"Baixadas Litor\u00e2nea RJ Regi\u00e3o M\u00e9dio Para\u00edba RJ\">Baixadas Litor\u00e2nea RJ Regi\u00e3o M\u00e9dio Para\u00edba RJ<\/option><option value=\"Regi\u00e3o Centro-Sul RJ Regi\u00e3o da Costa Verde RJ\">Regi\u00e3o Centro-Sul RJ Regi\u00e3o da Costa Verde RJ<\/option><option value=\"Alto Parana\u00edba MG\">Alto Parana\u00edba MG<\/option><option value=\"Central MG\">Central MG<\/option><option value=\"Centro-Oeste MG\">Centro-Oeste MG<\/option><option value=\"Jequitinhonha\/Mucuri MG\">Jequitinhonha\/Mucuri MG<\/option><option value=\"Zona da Mata MG\">Zona da Mata MG<\/option><option value=\"Noroeste MG\">Noroeste MG<\/option><option value=\"Norte MG\">Norte MG<\/option><option value=\"Rio Doce MG\">Rio Doce MG<\/option><\/select><\/span>\n    <\/div>\n<div class=\"col-xs-12  col-md-6\">\n        <span class=\"wpcf7-form-control-wrap telefone\"><input type=\"tel\" name=\"telefone\" value=\"Telefone Contato\" size=\"40\" class=\"wpcf7-form-control wpcf7-text wpcf7-tel wpcf7-validates-as-required wpcf7-validates-as-tel\" aria-required=\"true\" aria-invalid=\"false\" \/><\/span><br \/>\n        <span class=\"wpcf7-form-control-wrap your-message\"><textarea name=\"your-message\" cols=\"40\" rows=\"10\" class=\"wpcf7-form-control wpcf7-textarea\" aria-invalid=\"false\" placeholder=\"Informe Maiores Detalhes\"><\/textarea><\/span>\n    <\/div>\n<div class=\"col-xs-12  col-md-12\">\n      <input type=\"submit\" value=\"ENVIAR\" class=\"wpcf7-form-control wpcf7-submit btn btn-primary pull-right\" \/>\n    <\/div>\n<\/div>\n<\/div>\n<div class=\"wpcf7-response-output\" aria-hidden=\"true\"><\/div><\/form><\/div><\/p>\n<\/div><\/div><\/div><\/div><\/div><\/div>","protected":false},"excerpt":{"rendered":"<p>Nossa Area de Atua\u00e7\u00e3o A TRL Transportes atua com transportes nos estados do Rio de Janeiro, Minas Gerais, e Esp\u00edrito Santo, fazendo a log\u00edstica de v\u00e1rias empresas. Contamos com sistema automatizado, esta\u00e7\u00e3o de transbordo e base operacional que agiliza o processo de l\u00f3g\u00edstica, permitindo ao cliente ter sua carga em seu estabelecimento em at\u00e9 24 &hellip;<\/p>\n","protected":false},"author":1,"featured_media":0,"parent":0,"menu_order":0,"comment_status":"closed","ping_status":"open","template":"","meta":[],"_links":{"self":[{"href":"https:\/\/www.trltransportes.com.br\/index.php\/wp-json\/wp\/v2\/pages\/950"}],"collection":[{"href":"https:\/\/www.trltransportes.com.br\/index.php\/wp-json\/wp\/v2\/pages"}],"about":[{"href":"https:\/\/www.trltransportes.com.br\/index.php\/wp-json\/wp\/v2\/types\/page"}],"author":[{"embeddable":true,"href":"https:\/\/www.trltransportes.com.br\/index.php\/wp-json\/wp\/v2\/users\/1"}],"replies":[{"embeddable":true,"href":"https:\/\/www.trltransportes.com.br\/index.php\/wp-json\/wp\/v2\/comments?post=950"}],"version-history":[{"count":37,"href":"https:\/\/www.trltransportes.com.br\/index.php\/wp-json\/wp\/v2\/pages\/950\/revisions"}],"predecessor-version":[{"id":1106,"href":"https:\/\/www.trltransportes.com.br\/index.php\/wp-json\/wp\/v2\/pages\/950\/revisions\/1106"}],"wp:attachment":[{"href":"https:\/\/www.trltransportes.com.br\/index.php\/wp-json\/wp\/v2\/media?parent=950"}],"curies":[{"name":"wp","href":"https:\/\/api.w.org\/{rel}","templated":true}]}}